{"id":46597,"date":"2017-12-18T07:26:34","date_gmt":"2017-12-18T04:26:34","guid":{"rendered":"https:\/\/yilkomer.com\/portfolio-item\/edirnede-ki-tum-camiler-tarihi-eserler-yilkomer-ile-yildirim-darbelerine-karsi-koruma-altinda\/"},"modified":"2025-12-13T15:27:01","modified_gmt":"2025-12-13T12:27:01","slug":"alle-moscheen-und-historischen-denkmaeler-in-edirne-stehen-mit-yilkomer-unter-schutz-gegen-blitzeinschlaege","status":"publish","type":"portfolio","link":"https:\/\/yilkomer.com\/de\/portfolio-item\/alle-moscheen-und-historischen-denkmaeler-in-edirne-stehen-mit-yilkomer-unter-schutz-gegen-blitzeinschlaege\/","title":{"rendered":"ALLE MOSCHEEN UND HISTORISCHEN DENKM\u00c4LER IN EDIRNE STEHEN MIT YILKOMER UNTER SCHUTZ GEGEN BLITZEINSCHL\u00c4GE!"},"content":{"rendered":"<p>Der Blitzschutz f\u00fcr Moscheen ist von h\u00f6chster Bedeutung, da ein m\u00f6glicher Blitzschlag das gesamte historische Gewebe zerst\u00f6ren k\u00f6nnte. Selimiye-Moschee, \u00dc\u00e7-\u015eerefeli-Moschee, Dar\u00fc\u2019l Hadis-Moschee und viele weitere\u2026 Alle historischen Werte in der Region Edirne wurden gegen Blitzeinschl\u00e4ge und pl\u00f6tzliche \u00dcberspannungen gesch\u00fctzt. Es erf\u00fcllt uns mit gro\u00dfer Freude, das Projekt umzusetzen, das den B\u00fcrgern erm\u00f6glicht, ihre Gebete in Ruhe zu verrichten und die historischen Strukturen vor Feuer und m\u00f6glichen Sch\u00e4den zu bewahren. Wir w\u00fcnschen den Menschen in Edirne alles Gute.<\/p>\n","protected":false},"excerpt":{"rendered":"<p>Der Blitzschutz f\u00fcr Moscheen ist von h\u00f6chster Bedeutung, da ein m\u00f6glicher Blitzschlag das gesamte historische Gewebe zerst\u00f6ren k\u00f6nnte. Selimiye-Moschee, \u00dc\u00e7-\u015eerefeli-Moschee, Dar\u00fc\u2019l Hadis-Moschee und viele weitere\u2026 Alle<span class=\"excerpt-hellip\"> [\u2026]<\/span><\/p>\n","protected":false},"author":1,"featured_media":49056,"menu_order":0,"comment_status":"open","ping_status":"closed","template":"","meta":[],"portfolio-types":[],"class_list":["post-46597","portfolio","type-portfolio","status-publish","has-post-thumbnail","hentry"],"yoast_head":"<!-- This site is optimized with the Yoast SEO Premium plugin v19.2.1 (Yoast SEO v27.5) - https:\/\/yoast.com\/product\/yoast-seo-premium-wordpress\/ -->\n<title>Alle Moscheen in Edirne stehen unter Schutz gegen Blitzeinschl\u00e4ge<\/title>\n<meta name=\"robots\" content=\"index, follow, max-snippet:-1, max-image-preview:large, max-video-preview:-1\" \/>\n<link rel=\"canonical\" href=\"https:\/\/yilkomer.com\/de\/portfolio-item\/alle-moscheen-und-historischen-denkmaeler-in-edirne-stehen-mit-yilkomer-unter-schutz-gegen-blitzeinschlaege\/\" \/>\n<meta property=\"og:locale\" content=\"de_DE\" \/>\n<meta property=\"og:type\" content=\"article\" \/>\n<meta property=\"og:title\" content=\"ALLE MOSCHEEN UND HISTORISCHEN DENKM\u00c4LER IN EDIRNE STEHEN MIT YILKOMER UNTER SCHUTZ GEGEN BLITZEINSCHL\u00c4GE!\" \/>\n<meta property=\"og:description\" content=\"Der Blitzschutz f\u00fcr Moscheen ist von h\u00f6chster Bedeutung, da ein m\u00f6glicher Blitzschlag das gesamte historische Gewebe zerst\u00f6ren k\u00f6nnte. Selimiye-Moschee,\" \/>\n<meta property=\"og:url\" content=\"https:\/\/yilkomer.com\/de\/portfolio-item\/alle-moscheen-und-historischen-denkmaeler-in-edirne-stehen-mit-yilkomer-unter-schutz-gegen-blitzeinschlaege\/\" \/>\n<meta property=\"og:site_name\" content=\"Y\u0131lkomer\" \/>\n<meta property=\"article:modified_time\" content=\"2025-12-13T12:27:01+00:00\" \/>\n<meta property=\"og:image\" content=\"https:\/\/yilkomer.com\/wp-content\/uploads\/2017\/12\/EDIRNEDE-KI-TUM-CAMILER-ve-TARIHI-ESERLER-YILKOMER-ILE-YILDIRIM-DARBELERINE-KARSI-KORUMA-ALTINDA-1.jpg\" \/>\n\t<meta property=\"og:image:width\" content=\"960\" \/>\n\t<meta property=\"og:image:height\" content=\"919\" \/>\n\t<meta property=\"og:image:type\" content=\"image\/jpeg\" \/>\n<meta name=\"twitter:label1\" content=\"Gesch\u00e4tzte Lesezeit\" \/>\n\t<meta name=\"twitter:data1\" content=\"1\u00a0Minute\" \/>\n<script type=\"application\/ld+json\" class=\"yoast-schema-graph\">{\"@context\":\"https:\\\/\\\/schema.org\",\"@graph\":[{\"@type\":\"WebPage\",\"@id\":\"https:\\\/\\\/yilkomer.com\\\/de\\\/portfolio-item\\\/alle-moscheen-und-historischen-denkmaeler-in-edirne-stehen-mit-yilkomer-unter-schutz-gegen-blitzeinschlaege\\\/\",\"url\":\"https:\\\/\\\/yilkomer.com\\\/de\\\/portfolio-item\\\/alle-moscheen-und-historischen-denkmaeler-in-edirne-stehen-mit-yilkomer-unter-schutz-gegen-blitzeinschlaege\\\/\",\"name\":\"Alle Moscheen in Edirne stehen unter Schutz gegen Blitzeinschl\u00e4ge\",\"isPartOf\":{\"@id\":\"https:\\\/\\\/yilkomer.com\\\/de\\\/#website\"},\"primaryImageOfPage\":{\"@id\":\"https:\\\/\\\/yilkomer.com\\\/de\\\/portfolio-item\\\/alle-moscheen-und-historischen-denkmaeler-in-edirne-stehen-mit-yilkomer-unter-schutz-gegen-blitzeinschlaege\\\/#primaryimage\"},\"image\":{\"@id\":\"https:\\\/\\\/yilkomer.com\\\/de\\\/portfolio-item\\\/alle-moscheen-und-historischen-denkmaeler-in-edirne-stehen-mit-yilkomer-unter-schutz-gegen-blitzeinschlaege\\\/#primaryimage\"},\"thumbnailUrl\":\"https:\\\/\\\/yilkomer.com\\\/wp-content\\\/uploads\\\/2017\\\/12\\\/EDIRNEDE-KI-TUM-CAMILER-ve-TARIHI-ESERLER-YILKOMER-ILE-YILDIRIM-DARBELERINE-KARSI-KORUMA-ALTINDA-1.jpg\",\"datePublished\":\"2017-12-18T04:26:34+00:00\",\"dateModified\":\"2025-12-13T12:27:01+00:00\",\"breadcrumb\":{\"@id\":\"https:\\\/\\\/yilkomer.com\\\/de\\\/portfolio-item\\\/alle-moscheen-und-historischen-denkmaeler-in-edirne-stehen-mit-yilkomer-unter-schutz-gegen-blitzeinschlaege\\\/#breadcrumb\"},\"inLanguage\":\"de\",\"potentialAction\":[{\"@type\":\"ReadAction\",\"target\":[\"https:\\\/\\\/yilkomer.com\\\/de\\\/portfolio-item\\\/alle-moscheen-und-historischen-denkmaeler-in-edirne-stehen-mit-yilkomer-unter-schutz-gegen-blitzeinschlaege\\\/\"]}]},{\"@type\":\"ImageObject\",\"inLanguage\":\"de\",\"@id\":\"https:\\\/\\\/yilkomer.com\\\/de\\\/portfolio-item\\\/alle-moscheen-und-historischen-denkmaeler-in-edirne-stehen-mit-yilkomer-unter-schutz-gegen-blitzeinschlaege\\\/#primaryimage\",\"url\":\"https:\\\/\\\/yilkomer.com\\\/wp-content\\\/uploads\\\/2017\\\/12\\\/EDIRNEDE-KI-TUM-CAMILER-ve-TARIHI-ESERLER-YILKOMER-ILE-YILDIRIM-DARBELERINE-KARSI-KORUMA-ALTINDA-1.jpg\",\"contentUrl\":\"https:\\\/\\\/yilkomer.com\\\/wp-content\\\/uploads\\\/2017\\\/12\\\/EDIRNEDE-KI-TUM-CAMILER-ve-TARIHI-ESERLER-YILKOMER-ILE-YILDIRIM-DARBELERINE-KARSI-KORUMA-ALTINDA-1.jpg\",\"width\":960,\"height\":919,\"caption\":\"ED\u0130RNE\u2019DE K\u0130 T\u00dcM CAM\u0130LER ve TAR\u0130H\u0130 ESERLER YILKOMER \u0130LE YILDIRIM DARBELER\u0130NE KAR\u015eI KORUMA ALTINDA!\"},{\"@type\":\"BreadcrumbList\",\"@id\":\"https:\\\/\\\/yilkomer.com\\\/de\\\/portfolio-item\\\/alle-moscheen-und-historischen-denkmaeler-in-edirne-stehen-mit-yilkomer-unter-schutz-gegen-blitzeinschlaege\\\/#breadcrumb\",\"itemListElement\":[{\"@type\":\"ListItem\",\"position\":1,\"name\":\"Ana Sayfa\",\"item\":\"https:\\\/\\\/yilkomer.com\\\/de\\\/\"},{\"@type\":\"ListItem\",\"position\":2,\"name\":\"ALLE MOSCHEEN UND HISTORISCHEN DENKM\u00c4LER IN EDIRNE STEHEN MIT YILKOMER UNTER SCHUTZ GEGEN BLITZEINSCHL\u00c4GE!\"}]},{\"@type\":\"WebSite\",\"@id\":\"https:\\\/\\\/yilkomer.com\\\/de\\\/#website\",\"url\":\"https:\\\/\\\/yilkomer.com\\\/de\\\/\",\"name\":\"Y\u0131lkomer\",\"description\":\"\",\"publisher\":{\"@id\":\"https:\\\/\\\/yilkomer.com\\\/de\\\/#organization\"},\"alternateName\":\"Y\u0131lkomer\",\"potentialAction\":[{\"@type\":\"SearchAction\",\"target\":{\"@type\":\"EntryPoint\",\"urlTemplate\":\"https:\\\/\\\/yilkomer.com\\\/de\\\/?s={search_term_string}\"},\"query-input\":{\"@type\":\"PropertyValueSpecification\",\"valueRequired\":true,\"valueName\":\"search_term_string\"}}],\"inLanguage\":\"de\"},{\"@type\":\"Organization\",\"@id\":\"https:\\\/\\\/yilkomer.com\\\/de\\\/#organization\",\"name\":\"Yilkomer\",\"url\":\"https:\\\/\\\/yilkomer.com\\\/de\\\/\",\"logo\":{\"@type\":\"ImageObject\",\"inLanguage\":\"de\",\"@id\":\"https:\\\/\\\/yilkomer.com\\\/de\\\/#\\\/schema\\\/logo\\\/image\\\/\",\"url\":\"https:\\\/\\\/yilkomer.com\\\/wp-content\\\/uploads\\\/2015\\\/01\\\/logo.png\",\"contentUrl\":\"https:\\\/\\\/yilkomer.com\\\/wp-content\\\/uploads\\\/2015\\\/01\\\/logo.png\",\"width\":1000,\"height\":189,\"caption\":\"Yilkomer\"},\"image\":{\"@id\":\"https:\\\/\\\/yilkomer.com\\\/de\\\/#\\\/schema\\\/logo\\\/image\\\/\"}}]}<\/script>\n<!-- \/ Yoast SEO Premium plugin. -->","yoast_head_json":{"title":"Alle Moscheen in Edirne stehen unter Schutz gegen Blitzeinschl\u00e4ge","robots":{"index":"index","follow":"follow","max-snippet":"max-snippet:-1","max-image-preview":"max-image-preview:large","max-video-preview":"max-video-preview:-1"},"canonical":"https:\/\/yilkomer.com\/de\/portfolio-item\/alle-moscheen-und-historischen-denkmaeler-in-edirne-stehen-mit-yilkomer-unter-schutz-gegen-blitzeinschlaege\/","og_locale":"de_DE","og_type":"article","og_title":"ALLE MOSCHEEN UND HISTORISCHEN DENKM\u00c4LER IN EDIRNE STEHEN MIT YILKOMER UNTER SCHUTZ GEGEN BLITZEINSCHL\u00c4GE!","og_description":"Der Blitzschutz f\u00fcr Moscheen ist von h\u00f6chster Bedeutung, da ein m\u00f6glicher Blitzschlag das gesamte historische Gewebe zerst\u00f6ren k\u00f6nnte. Selimiye-Moschee,","og_url":"https:\/\/yilkomer.com\/de\/portfolio-item\/alle-moscheen-und-historischen-denkmaeler-in-edirne-stehen-mit-yilkomer-unter-schutz-gegen-blitzeinschlaege\/","og_site_name":"Y\u0131lkomer","article_modified_time":"2025-12-13T12:27:01+00:00","og_image":[{"width":960,"height":919,"url":"https:\/\/yilkomer.com\/wp-content\/uploads\/2017\/12\/EDIRNEDE-KI-TUM-CAMILER-ve-TARIHI-ESERLER-YILKOMER-ILE-YILDIRIM-DARBELERINE-KARSI-KORUMA-ALTINDA-1.jpg","type":"image\/jpeg"}],"twitter_misc":{"Gesch\u00e4tzte Lesezeit":"1\u00a0Minute"},"schema":{"@context":"https:\/\/schema.org","@graph":[{"@type":"WebPage","@id":"https:\/\/yilkomer.com\/de\/portfolio-item\/alle-moscheen-und-historischen-denkmaeler-in-edirne-stehen-mit-yilkomer-unter-schutz-gegen-blitzeinschlaege\/","url":"https:\/\/yilkomer.com\/de\/portfolio-item\/alle-moscheen-und-historischen-denkmaeler-in-edirne-stehen-mit-yilkomer-unter-schutz-gegen-blitzeinschlaege\/","name":"Alle Moscheen in Edirne stehen unter Schutz gegen Blitzeinschl\u00e4ge","isPartOf":{"@id":"https:\/\/yilkomer.com\/de\/#website"},"primaryImageOfPage":{"@id":"https:\/\/yilkomer.com\/de\/portfolio-item\/alle-moscheen-und-historischen-denkmaeler-in-edirne-stehen-mit-yilkomer-unter-schutz-gegen-blitzeinschlaege\/#primaryimage"},"image":{"@id":"https:\/\/yilkomer.com\/de\/portfolio-item\/alle-moscheen-und-historischen-denkmaeler-in-edirne-stehen-mit-yilkomer-unter-schutz-gegen-blitzeinschlaege\/#primaryimage"},"thumbnailUrl":"https:\/\/yilkomer.com\/wp-content\/uploads\/2017\/12\/EDIRNEDE-KI-TUM-CAMILER-ve-TARIHI-ESERLER-YILKOMER-ILE-YILDIRIM-DARBELERINE-KARSI-KORUMA-ALTINDA-1.jpg","datePublished":"2017-12-18T04:26:34+00:00","dateModified":"2025-12-13T12:27:01+00:00","breadcrumb":{"@id":"https:\/\/yilkomer.com\/de\/portfolio-item\/alle-moscheen-und-historischen-denkmaeler-in-edirne-stehen-mit-yilkomer-unter-schutz-gegen-blitzeinschlaege\/#breadcrumb"},"inLanguage":"de","potentialAction":[{"@type":"ReadAction","target":["https:\/\/yilkomer.com\/de\/portfolio-item\/alle-moscheen-und-historischen-denkmaeler-in-edirne-stehen-mit-yilkomer-unter-schutz-gegen-blitzeinschlaege\/"]}]},{"@type":"ImageObject","inLanguage":"de","@id":"https:\/\/yilkomer.com\/de\/portfolio-item\/alle-moscheen-und-historischen-denkmaeler-in-edirne-stehen-mit-yilkomer-unter-schutz-gegen-blitzeinschlaege\/#primaryimage","url":"https:\/\/yilkomer.com\/wp-content\/uploads\/2017\/12\/EDIRNEDE-KI-TUM-CAMILER-ve-TARIHI-ESERLER-YILKOMER-ILE-YILDIRIM-DARBELERINE-KARSI-KORUMA-ALTINDA-1.jpg","contentUrl":"https:\/\/yilkomer.com\/wp-content\/uploads\/2017\/12\/EDIRNEDE-KI-TUM-CAMILER-ve-TARIHI-ESERLER-YILKOMER-ILE-YILDIRIM-DARBELERINE-KARSI-KORUMA-ALTINDA-1.jpg","width":960,"height":919,"caption":"ED\u0130RNE\u2019DE K\u0130 T\u00dcM CAM\u0130LER ve TAR\u0130H\u0130 ESERLER YILKOMER \u0130LE YILDIRIM DARBELER\u0130NE KAR\u015eI KORUMA ALTINDA!"},{"@type":"BreadcrumbList","@id":"https:\/\/yilkomer.com\/de\/portfolio-item\/alle-moscheen-und-historischen-denkmaeler-in-edirne-stehen-mit-yilkomer-unter-schutz-gegen-blitzeinschlaege\/#breadcrumb","itemListElement":[{"@type":"ListItem","position":1,"name":"Ana Sayfa","item":"https:\/\/yilkomer.com\/de\/"},{"@type":"ListItem","position":2,"name":"ALLE MOSCHEEN UND HISTORISCHEN DENKM\u00c4LER IN EDIRNE STEHEN MIT YILKOMER UNTER SCHUTZ GEGEN BLITZEINSCHL\u00c4GE!"}]},{"@type":"WebSite","@id":"https:\/\/yilkomer.com\/de\/#website","url":"https:\/\/yilkomer.com\/de\/","name":"Y\u0131lkomer","description":"","publisher":{"@id":"https:\/\/yilkomer.com\/de\/#organization"},"alternateName":"Y\u0131lkomer","potentialAction":[{"@type":"SearchAction","target":{"@type":"EntryPoint","urlTemplate":"https:\/\/yilkomer.com\/de\/?s={search_term_string}"},"query-input":{"@type":"PropertyValueSpecification","valueRequired":true,"valueName":"search_term_string"}}],"inLanguage":"de"},{"@type":"Organization","@id":"https:\/\/yilkomer.com\/de\/#organization","name":"Yilkomer","url":"https:\/\/yilkomer.com\/de\/","logo":{"@type":"ImageObject","inLanguage":"de","@id":"https:\/\/yilkomer.com\/de\/#\/schema\/logo\/image\/","url":"https:\/\/yilkomer.com\/wp-content\/uploads\/2015\/01\/logo.png","contentUrl":"https:\/\/yilkomer.com\/wp-content\/uploads\/2015\/01\/logo.png","width":1000,"height":189,"caption":"Yilkomer"},"image":{"@id":"https:\/\/yilkomer.com\/de\/#\/schema\/logo\/image\/"}}]}},"_links":{"self":[{"href":"https:\/\/yilkomer.com\/de\/wp-json\/wp\/v2\/portfolio\/46597","targetHints":{"allow":["GET"]}}],"collection":[{"href":"https:\/\/yilkomer.com\/de\/wp-json\/wp\/v2\/portfolio"}],"about":[{"href":"https:\/\/yilkomer.com\/de\/wp-json\/wp\/v2\/types\/portfolio"}],"author":[{"embeddable":true,"href":"https:\/\/yilkomer.com\/de\/wp-json\/wp\/v2\/users\/1"}],"replies":[{"embeddable":true,"href":"https:\/\/yilkomer.com\/de\/wp-json\/wp\/v2\/comments?post=46597"}],"wp:featuredmedia":[{"embeddable":true,"href":"https:\/\/yilkomer.com\/de\/wp-json\/wp\/v2\/media\/49056"}],"wp:attachment":[{"href":"https:\/\/yilkomer.com\/de\/wp-json\/wp\/v2\/media?parent=46597"}],"wp:term":[{"taxonomy":"portfolio-types","embeddable":true,"href":"https:\/\/yilkomer.com\/de\/wp-json\/wp\/v2\/portfolio-types?post=46597"}],"curies":[{"name":"wp","href":"https:\/\/api.w.org\/{rel}","templated":true}]}}