{"id":46536,"date":"2019-01-28T11:15:49","date_gmt":"2019-01-28T08:15:49","guid":{"rendered":"https:\/\/yilkomer.com\/portfolio-item\/trtworld-binasi-yilkomer-ile-korunuyor\/"},"modified":"2025-12-11T23:49:40","modified_gmt":"2025-12-11T20:49:40","slug":"das-trt-world-gebaeude-wird-mit-yilkomer-geschuetzt","status":"publish","type":"portfolio","link":"https:\/\/yilkomer.com\/de\/portfolio-item\/das-trt-world-gebaeude-wird-mit-yilkomer-geschuetzt\/","title":{"rendered":"Das TRT WORLD Geb\u00e4ude wird mit Y\u0131lkomer gesch\u00fctzt!"},"content":{"rendered":"<p style=\"font-weight: 400;\">Das Hauptkommandogeb\u00e4ude des TRTWORLD-Fernsehens, dem weltweiten Gesicht der T\u00fcrkei, wurde mit Y\u0131lkomer gesch\u00fctzt. Insbesondere die f\u00fcr die Welt ausgestrahlten Satellitensysteme wurden mit von Raycap entwickelten LNB-Schutzvorrichtungen gesichert. Der physische Schutz der Geb\u00e4udemasten gegen direkte Blitzeinschl\u00e4ge wurde ebenfalls gem\u00e4\u00df der IEC 62305 Norm entworfen und mit den optimalen Schutzma\u00dfnahmen realisiert.<\/p>\n<p style=\"font-weight: 400;\">Wir danken den TRT-Ingenieuren daf\u00fcr, dass sie sich f\u00fcr Y\u0131lkomer entschieden haben.<\/p>\n","protected":false},"excerpt":{"rendered":"<p>Das Hauptkommandogeb\u00e4ude des TRTWORLD-Fernsehens, dem weltweiten Gesicht der T\u00fcrkei, wurde mit Y\u0131lkomer gesch\u00fctzt. Insbesondere die f\u00fcr die Welt ausgestrahlten Satellitensysteme wurden mit von Raycap entwickelten LNB-Schutzvorrichtungen<span class=\"excerpt-hellip\"> [\u2026]<\/span><\/p>\n","protected":false},"author":1,"featured_media":47651,"menu_order":0,"comment_status":"open","ping_status":"closed","template":"","meta":[],"portfolio-types":[],"class_list":["post-46536","portfolio","type-portfolio","status-publish","has-post-thumbnail","hentry"],"yoast_head":"<!-- This site is optimized with the Yoast SEO Premium plugin v19.2.1 (Yoast SEO v27.5) - https:\/\/yoast.com\/product\/yoast-seo-premium-wordpress\/ -->\n<title>Das TRT WORLD Geb\u00e4ude wird mit Y\u0131lkomer gesch\u00fctzt! | Y\u0131lkomer<\/title>\n<meta name=\"description\" content=\"Das Hauptkommandogeb\u00e4ude des TRTWORLD-Fernsehens, dem weltweiten Gesicht der T\u00fcrkei, wurde mit Y\u0131lkomer gesch\u00fctzt. Insbesondere die f\u00fcr die Welt ausgestrahlten Satellitensysteme\u2026\" \/>\n<meta name=\"robots\" content=\"index, follow, max-snippet:-1, max-image-preview:large, max-video-preview:-1\" \/>\n<link rel=\"canonical\" href=\"https:\/\/yilkomer.com\/de\/portfolio-item\/das-trt-world-gebaeude-wird-mit-yilkomer-geschuetzt\/\" \/>\n<meta property=\"og:locale\" content=\"de_DE\" \/>\n<meta property=\"og:type\" content=\"article\" \/>\n<meta property=\"og:title\" content=\"Das TRT WORLD Geb\u00e4ude wird mit Y\u0131lkomer gesch\u00fctzt!\" \/>\n<meta property=\"og:description\" content=\"Das Hauptkommandogeb\u00e4ude des TRTWORLD-Fernsehens, dem weltweiten Gesicht der T\u00fcrkei, wurde mit Y\u0131lkomer gesch\u00fctzt. Insbesondere die f\u00fcr die Welt\" \/>\n<meta property=\"og:url\" content=\"https:\/\/yilkomer.com\/de\/portfolio-item\/das-trt-world-gebaeude-wird-mit-yilkomer-geschuetzt\/\" \/>\n<meta property=\"og:site_name\" content=\"Y\u0131lkomer\" \/>\n<meta property=\"article:modified_time\" content=\"2025-12-11T20:49:40+00:00\" \/>\n<meta property=\"og:image\" content=\"https:\/\/yilkomer.com\/wp-content\/uploads\/2019\/01\/TRTWORLD-Binasi-Yilkomer-ile-Korunuyor-1.jpg\" \/>\n\t<meta property=\"og:image:width\" content=\"960\" \/>\n\t<meta property=\"og:image:height\" content=\"919\" \/>\n\t<meta property=\"og:image:type\" content=\"image\/jpeg\" \/>\n<meta name=\"twitter:label1\" content=\"Gesch\u00e4tzte Lesezeit\" \/>\n\t<meta name=\"twitter:data1\" content=\"1\u00a0Minute\" \/>\n<script type=\"application\/ld+json\" class=\"yoast-schema-graph\">{\"@context\":\"https:\\\/\\\/schema.org\",\"@graph\":[{\"@type\":\"WebPage\",\"@id\":\"https:\\\/\\\/yilkomer.com\\\/de\\\/portfolio-item\\\/das-trt-world-gebaeude-wird-mit-yilkomer-geschuetzt\\\/\",\"url\":\"https:\\\/\\\/yilkomer.com\\\/de\\\/portfolio-item\\\/das-trt-world-gebaeude-wird-mit-yilkomer-geschuetzt\\\/\",\"name\":\"Das TRT WORLD Geb\u00e4ude wird mit Y\u0131lkomer gesch\u00fctzt! | Y\u0131lkomer\",\"isPartOf\":{\"@id\":\"https:\\\/\\\/yilkomer.com\\\/de\\\/#website\"},\"primaryImageOfPage\":{\"@id\":\"https:\\\/\\\/yilkomer.com\\\/de\\\/portfolio-item\\\/das-trt-world-gebaeude-wird-mit-yilkomer-geschuetzt\\\/#primaryimage\"},\"image\":{\"@id\":\"https:\\\/\\\/yilkomer.com\\\/de\\\/portfolio-item\\\/das-trt-world-gebaeude-wird-mit-yilkomer-geschuetzt\\\/#primaryimage\"},\"thumbnailUrl\":\"https:\\\/\\\/yilkomer.com\\\/wp-content\\\/uploads\\\/2019\\\/01\\\/TRTWORLD-Binasi-Yilkomer-ile-Korunuyor-1.jpg\",\"datePublished\":\"2019-01-28T08:15:49+00:00\",\"dateModified\":\"2025-12-11T20:49:40+00:00\",\"description\":\"Das Hauptkommandogeb\u00e4ude des TRTWORLD-Fernsehens, dem weltweiten Gesicht der T\u00fcrkei, wurde mit Y\u0131lkomer gesch\u00fctzt. Insbesondere die f\u00fcr die Welt ausgestrahlten Satellitensysteme\u2026\",\"breadcrumb\":{\"@id\":\"https:\\\/\\\/yilkomer.com\\\/de\\\/portfolio-item\\\/das-trt-world-gebaeude-wird-mit-yilkomer-geschuetzt\\\/#breadcrumb\"},\"inLanguage\":\"de\",\"potentialAction\":[{\"@type\":\"ReadAction\",\"target\":[\"https:\\\/\\\/yilkomer.com\\\/de\\\/portfolio-item\\\/das-trt-world-gebaeude-wird-mit-yilkomer-geschuetzt\\\/\"]}]},{\"@type\":\"ImageObject\",\"inLanguage\":\"de\",\"@id\":\"https:\\\/\\\/yilkomer.com\\\/de\\\/portfolio-item\\\/das-trt-world-gebaeude-wird-mit-yilkomer-geschuetzt\\\/#primaryimage\",\"url\":\"https:\\\/\\\/yilkomer.com\\\/wp-content\\\/uploads\\\/2019\\\/01\\\/TRTWORLD-Binasi-Yilkomer-ile-Korunuyor-1.jpg\",\"contentUrl\":\"https:\\\/\\\/yilkomer.com\\\/wp-content\\\/uploads\\\/2019\\\/01\\\/TRTWORLD-Binasi-Yilkomer-ile-Korunuyor-1.jpg\",\"width\":960,\"height\":919,\"caption\":\"TRTWORLD Binas\u0131 Y\u0131lkomer ile Korunuyor!\"},{\"@type\":\"BreadcrumbList\",\"@id\":\"https:\\\/\\\/yilkomer.com\\\/de\\\/portfolio-item\\\/das-trt-world-gebaeude-wird-mit-yilkomer-geschuetzt\\\/#breadcrumb\",\"itemListElement\":[{\"@type\":\"ListItem\",\"position\":1,\"name\":\"Ana Sayfa\",\"item\":\"https:\\\/\\\/yilkomer.com\\\/de\\\/\"},{\"@type\":\"ListItem\",\"position\":2,\"name\":\"Das TRT WORLD Geb\u00e4ude wird mit Y\u0131lkomer gesch\u00fctzt!\"}]},{\"@type\":\"WebSite\",\"@id\":\"https:\\\/\\\/yilkomer.com\\\/de\\\/#website\",\"url\":\"https:\\\/\\\/yilkomer.com\\\/de\\\/\",\"name\":\"Y\u0131lkomer\",\"description\":\"\",\"publisher\":{\"@id\":\"https:\\\/\\\/yilkomer.com\\\/de\\\/#organization\"},\"alternateName\":\"Y\u0131lkomer\",\"potentialAction\":[{\"@type\":\"SearchAction\",\"target\":{\"@type\":\"EntryPoint\",\"urlTemplate\":\"https:\\\/\\\/yilkomer.com\\\/de\\\/?s={search_term_string}\"},\"query-input\":{\"@type\":\"PropertyValueSpecification\",\"valueRequired\":true,\"valueName\":\"search_term_string\"}}],\"inLanguage\":\"de\"},{\"@type\":\"Organization\",\"@id\":\"https:\\\/\\\/yilkomer.com\\\/de\\\/#organization\",\"name\":\"Yilkomer\",\"url\":\"https:\\\/\\\/yilkomer.com\\\/de\\\/\",\"logo\":{\"@type\":\"ImageObject\",\"inLanguage\":\"de\",\"@id\":\"https:\\\/\\\/yilkomer.com\\\/de\\\/#\\\/schema\\\/logo\\\/image\\\/\",\"url\":\"https:\\\/\\\/yilkomer.com\\\/wp-content\\\/uploads\\\/2015\\\/01\\\/logo.png\",\"contentUrl\":\"https:\\\/\\\/yilkomer.com\\\/wp-content\\\/uploads\\\/2015\\\/01\\\/logo.png\",\"width\":1000,\"height\":189,\"caption\":\"Yilkomer\"},\"image\":{\"@id\":\"https:\\\/\\\/yilkomer.com\\\/de\\\/#\\\/schema\\\/logo\\\/image\\\/\"}}]}<\/script>\n<!-- \/ Yoast SEO Premium plugin. -->","yoast_head_json":{"title":"Das TRT WORLD Geb\u00e4ude wird mit Y\u0131lkomer gesch\u00fctzt! | Y\u0131lkomer","description":"Das Hauptkommandogeb\u00e4ude des TRTWORLD-Fernsehens, dem weltweiten Gesicht der T\u00fcrkei, wurde mit Y\u0131lkomer gesch\u00fctzt. Insbesondere die f\u00fcr die Welt ausgestrahlten Satellitensysteme\u2026","robots":{"index":"index","follow":"follow","max-snippet":"max-snippet:-1","max-image-preview":"max-image-preview:large","max-video-preview":"max-video-preview:-1"},"canonical":"https:\/\/yilkomer.com\/de\/portfolio-item\/das-trt-world-gebaeude-wird-mit-yilkomer-geschuetzt\/","og_locale":"de_DE","og_type":"article","og_title":"Das TRT WORLD Geb\u00e4ude wird mit Y\u0131lkomer gesch\u00fctzt!","og_description":"Das Hauptkommandogeb\u00e4ude des TRTWORLD-Fernsehens, dem weltweiten Gesicht der T\u00fcrkei, wurde mit Y\u0131lkomer gesch\u00fctzt. Insbesondere die f\u00fcr die Welt","og_url":"https:\/\/yilkomer.com\/de\/portfolio-item\/das-trt-world-gebaeude-wird-mit-yilkomer-geschuetzt\/","og_site_name":"Y\u0131lkomer","article_modified_time":"2025-12-11T20:49:40+00:00","og_image":[{"width":960,"height":919,"url":"https:\/\/yilkomer.com\/wp-content\/uploads\/2019\/01\/TRTWORLD-Binasi-Yilkomer-ile-Korunuyor-1.jpg","type":"image\/jpeg"}],"twitter_misc":{"Gesch\u00e4tzte Lesezeit":"1\u00a0Minute"},"schema":{"@context":"https:\/\/schema.org","@graph":[{"@type":"WebPage","@id":"https:\/\/yilkomer.com\/de\/portfolio-item\/das-trt-world-gebaeude-wird-mit-yilkomer-geschuetzt\/","url":"https:\/\/yilkomer.com\/de\/portfolio-item\/das-trt-world-gebaeude-wird-mit-yilkomer-geschuetzt\/","name":"Das TRT WORLD Geb\u00e4ude wird mit Y\u0131lkomer gesch\u00fctzt! | Y\u0131lkomer","isPartOf":{"@id":"https:\/\/yilkomer.com\/de\/#website"},"primaryImageOfPage":{"@id":"https:\/\/yilkomer.com\/de\/portfolio-item\/das-trt-world-gebaeude-wird-mit-yilkomer-geschuetzt\/#primaryimage"},"image":{"@id":"https:\/\/yilkomer.com\/de\/portfolio-item\/das-trt-world-gebaeude-wird-mit-yilkomer-geschuetzt\/#primaryimage"},"thumbnailUrl":"https:\/\/yilkomer.com\/wp-content\/uploads\/2019\/01\/TRTWORLD-Binasi-Yilkomer-ile-Korunuyor-1.jpg","datePublished":"2019-01-28T08:15:49+00:00","dateModified":"2025-12-11T20:49:40+00:00","description":"Das Hauptkommandogeb\u00e4ude des TRTWORLD-Fernsehens, dem weltweiten Gesicht der T\u00fcrkei, wurde mit Y\u0131lkomer gesch\u00fctzt. Insbesondere die f\u00fcr die Welt ausgestrahlten Satellitensysteme\u2026","breadcrumb":{"@id":"https:\/\/yilkomer.com\/de\/portfolio-item\/das-trt-world-gebaeude-wird-mit-yilkomer-geschuetzt\/#breadcrumb"},"inLanguage":"de","potentialAction":[{"@type":"ReadAction","target":["https:\/\/yilkomer.com\/de\/portfolio-item\/das-trt-world-gebaeude-wird-mit-yilkomer-geschuetzt\/"]}]},{"@type":"ImageObject","inLanguage":"de","@id":"https:\/\/yilkomer.com\/de\/portfolio-item\/das-trt-world-gebaeude-wird-mit-yilkomer-geschuetzt\/#primaryimage","url":"https:\/\/yilkomer.com\/wp-content\/uploads\/2019\/01\/TRTWORLD-Binasi-Yilkomer-ile-Korunuyor-1.jpg","contentUrl":"https:\/\/yilkomer.com\/wp-content\/uploads\/2019\/01\/TRTWORLD-Binasi-Yilkomer-ile-Korunuyor-1.jpg","width":960,"height":919,"caption":"TRTWORLD Binas\u0131 Y\u0131lkomer ile Korunuyor!"},{"@type":"BreadcrumbList","@id":"https:\/\/yilkomer.com\/de\/portfolio-item\/das-trt-world-gebaeude-wird-mit-yilkomer-geschuetzt\/#breadcrumb","itemListElement":[{"@type":"ListItem","position":1,"name":"Ana Sayfa","item":"https:\/\/yilkomer.com\/de\/"},{"@type":"ListItem","position":2,"name":"Das TRT WORLD Geb\u00e4ude wird mit Y\u0131lkomer gesch\u00fctzt!"}]},{"@type":"WebSite","@id":"https:\/\/yilkomer.com\/de\/#website","url":"https:\/\/yilkomer.com\/de\/","name":"Y\u0131lkomer","description":"","publisher":{"@id":"https:\/\/yilkomer.com\/de\/#organization"},"alternateName":"Y\u0131lkomer","potentialAction":[{"@type":"SearchAction","target":{"@type":"EntryPoint","urlTemplate":"https:\/\/yilkomer.com\/de\/?s={search_term_string}"},"query-input":{"@type":"PropertyValueSpecification","valueRequired":true,"valueName":"search_term_string"}}],"inLanguage":"de"},{"@type":"Organization","@id":"https:\/\/yilkomer.com\/de\/#organization","name":"Yilkomer","url":"https:\/\/yilkomer.com\/de\/","logo":{"@type":"ImageObject","inLanguage":"de","@id":"https:\/\/yilkomer.com\/de\/#\/schema\/logo\/image\/","url":"https:\/\/yilkomer.com\/wp-content\/uploads\/2015\/01\/logo.png","contentUrl":"https:\/\/yilkomer.com\/wp-content\/uploads\/2015\/01\/logo.png","width":1000,"height":189,"caption":"Yilkomer"},"image":{"@id":"https:\/\/yilkomer.com\/de\/#\/schema\/logo\/image\/"}}]}},"_links":{"self":[{"href":"https:\/\/yilkomer.com\/de\/wp-json\/wp\/v2\/portfolio\/46536","targetHints":{"allow":["GET"]}}],"collection":[{"href":"https:\/\/yilkomer.com\/de\/wp-json\/wp\/v2\/portfolio"}],"about":[{"href":"https:\/\/yilkomer.com\/de\/wp-json\/wp\/v2\/types\/portfolio"}],"author":[{"embeddable":true,"href":"https:\/\/yilkomer.com\/de\/wp-json\/wp\/v2\/users\/1"}],"replies":[{"embeddable":true,"href":"https:\/\/yilkomer.com\/de\/wp-json\/wp\/v2\/comments?post=46536"}],"wp:featuredmedia":[{"embeddable":true,"href":"https:\/\/yilkomer.com\/de\/wp-json\/wp\/v2\/media\/47651"}],"wp:attachment":[{"href":"https:\/\/yilkomer.com\/de\/wp-json\/wp\/v2\/media?parent=46536"}],"wp:term":[{"taxonomy":"portfolio-types","embeddable":true,"href":"https:\/\/yilkomer.com\/de\/wp-json\/wp\/v2\/portfolio-types?post=46536"}],"curies":[{"name":"wp","href":"https:\/\/api.w.org\/{rel}","templated":true}]}}